{"id":185,"date":"2025-05-08T08:47:13","date_gmt":"2025-05-08T08:47:13","guid":{"rendered":"https:\/\/elegancebymelya.com\/?page_id=185"},"modified":"2025-09-26T17:24:11","modified_gmt":"2025-09-26T17:24:11","slug":"localisation","status":"publish","type":"page","link":"https:\/\/elegancebymelya.com\/es\/localisation\/","title":{"rendered":"Localisation"},"content":{"rendered":"\t\t<div data-elementor-type=\"wp-page\" data-elementor-id=\"185\" class=\"elementor elementor-185\" data-elementor-post-type=\"page\">\n\t\t\t\t<div class=\"elementor-element elementor-element-624bbf7 e-flex e-con-boxed e-con e-parent\" data-id=\"624bbf7\" data-element_type=\"container\" data-e-type=\"container\" data-settings=\"{&quot;background_background&quot;:&quot;classic&quot;}\">\n\t\t\t\t\t<div class=\"e-con-inner\">\n\t\t\t\t<div class=\"elementor-element elementor-element-7ea5637 elementor-widget__width-initial elementor-widget elementor-widget-heading\" data-id=\"7ea5637\" data-element_type=\"widget\" data-e-type=\"widget\" data-widget_type=\"heading.default\">\n\t\t\t\t<div class=\"elementor-widget-container\">\n\t\t\t\t\t<h1 class=\"elementor-heading-title elementor-size-default\">Immobilier en Espagne<\/h1>\t\t\t\t<\/div>\n\t\t\t\t<\/div>\n\t\t\t\t\t<\/div>\n\t\t\t\t<\/div>\n\t\t<div class=\"elementor-element elementor-element-b448666 e-flex e-con-boxed e-con e-parent\" data-id=\"b448666\" data-element_type=\"container\" data-e-type=\"container\" data-settings=\"{&quot;background_background&quot;:&quot;classic&quot;}\">\n\t\t\t\t\t<div class=\"e-con-inner\">\n\t\t\t\t<div class=\"elementor-element elementor-element-c11a556 elementor-widget__width-initial elementor-widget elementor-widget-heading\" data-id=\"c11a556\" data-element_type=\"widget\" data-e-type=\"widget\" data-widget_type=\"heading.default\">\n\t\t\t\t<div class=\"elementor-widget-container\">\n\t\t\t\t\t<h2 class=\"elementor-heading-title elementor-size-default\">Nos meilleures zones d\u2019achat pour francophones<\/h2>\t\t\t\t<\/div>\n\t\t\t\t<\/div>\n\t\t\t\t<div class=\"elementor-element elementor-element-374e0f4 elementor-widget__width-initial elementor-widget elementor-widget-text-editor\" data-id=\"374e0f4\" data-element_type=\"widget\" data-e-type=\"widget\" data-widget_type=\"text-editor.default\">\n\t\t\t\t<div class=\"elementor-widget-container\">\n\t\t\t\t\t\t\t\t\t<p data-pm-slice=\"1 1 []\">D\u00e9couvrez une s\u00e9lection des r\u00e9gions et villes les plus pris\u00e9es de la c\u00f4te m\u00e9diterran\u00e9enne et des grandes capitales espagnoles.<br \/>Ces destinations refl\u00e8tent les zones o\u00f9 nous accompagnons r\u00e9guli\u00e8rement nos clients francophones dans leurs projets immobiliers haut de gamme.<\/p>\t\t\t\t\t\t\t\t<\/div>\n\t\t\t\t<\/div>\n\t\t<div class=\"elementor-element elementor-element-e98d37f e-con-full e-flex e-con e-child\" data-id=\"e98d37f\" data-element_type=\"container\" data-e-type=\"container\">\n\t\t\t\t<div class=\"elementor-element elementor-element-6fad7ae e-transform elementor-widget elementor-widget-text-editor\" data-id=\"6fad7ae\" data-element_type=\"widget\" data-e-type=\"widget\" data-settings=\"{&quot;_transform_scale_effect_hover&quot;:{&quot;unit&quot;:&quot;px&quot;,&quot;size&quot;:1.03,&quot;sizes&quot;:[]},&quot;_transform_scale_effect_hover_tablet&quot;:{&quot;unit&quot;:&quot;px&quot;,&quot;size&quot;:&quot;&quot;,&quot;sizes&quot;:[]},&quot;_transform_scale_effect_hover_mobile&quot;:{&quot;unit&quot;:&quot;px&quot;,&quot;size&quot;:&quot;&quot;,&quot;sizes&quot;:[]}}\" data-widget_type=\"text-editor.default\">\n\t\t\t\t<div class=\"elementor-widget-container\">\n\t\t\t\t\t\t\t\t\t<p>Que vous souhaitiez investir sur la Costa Blanca, vous installer \u00e0 Valencia, profiter de l\u2019\u00e9nergie de Barcelone, du charme de Malaga ou encore du prestige de Madrid, nous vous guidons pas \u00e0 pas.<\/p>\t\t\t\t\t\t\t\t<\/div>\n\t\t\t\t<\/div>\n\t\t\t\t<div class=\"elementor-element elementor-element-357c33e e-transform elementor-widget elementor-widget-text-editor\" data-id=\"357c33e\" data-element_type=\"widget\" data-e-type=\"widget\" data-settings=\"{&quot;_transform_scale_effect_hover&quot;:{&quot;unit&quot;:&quot;px&quot;,&quot;size&quot;:1.03,&quot;sizes&quot;:[]},&quot;_transform_scale_effect_hover_tablet&quot;:{&quot;unit&quot;:&quot;px&quot;,&quot;size&quot;:&quot;&quot;,&quot;sizes&quot;:[]},&quot;_transform_scale_effect_hover_mobile&quot;:{&quot;unit&quot;:&quot;px&quot;,&quot;size&quot;:&quot;&quot;,&quot;sizes&quot;:[]}}\" data-widget_type=\"text-editor.default\">\n\t\t\t\t<div class=\"elementor-widget-container\">\n\t\t\t\t\t\t\t\t\t<p>&nbsp;Nous proposons \u00e9galement des biens dans des lieux exclusifs comme la Costa Brava ou les \u00celes Bal\u00e9ares, v\u00e9ritables r\u00e9f\u00e9rences pour un cadre de vie&nbsp;d\u2019exception.<\/p>\t\t\t\t\t\t\t\t<\/div>\n\t\t\t\t<\/div>\n\t\t\t\t<\/div>\n\t\t\t\t\t<\/div>\n\t\t\t\t<\/div>\n\t\t<div class=\"elementor-element elementor-element-3cb5ac9 e-flex e-con-boxed e-con e-parent\" data-id=\"3cb5ac9\" data-element_type=\"container\" data-e-type=\"container\">\n\t\t\t\t\t<div class=\"e-con-inner\">\n\t\t\t\t<div class=\"elementor-element elementor-element-2ffdd7e elementor-widget elementor-widget-heading\" data-id=\"2ffdd7e\" data-element_type=\"widget\" data-e-type=\"widget\" data-widget_type=\"heading.default\">\n\t\t\t\t<div class=\"elementor-widget-container\">\n\t\t\t\t\t<h2 class=\"elementor-heading-title elementor-size-default\">Barcelone &amp; toute la Catalogne<\/h2>\t\t\t\t<\/div>\n\t\t\t\t<\/div>\n\t\t<div class=\"elementor-element elementor-element-b89e81c e-con-full e-flex e-con e-child\" data-id=\"b89e81c\" data-element_type=\"container\" data-e-type=\"container\">\n\t\t<div class=\"elementor-element elementor-element-b38442a e-con-full e-flex e-con e-child\" data-id=\"b38442a\" data-element_type=\"container\" data-e-type=\"container\">\n\t\t\t\t<div class=\"elementor-element elementor-element-ff8b9d1 elementor-widget elementor-widget-image\" data-id=\"ff8b9d1\" data-element_type=\"widget\" data-e-type=\"widget\" data-widget_type=\"image.default\">\n\t\t\t\t<div class=\"elementor-widget-container\">\n\t\t\t\t\t\t\t\t\t\t\t\t\t\t\t<img fetchpriority=\"high\" decoding=\"async\" width=\"1808\" height=\"2560\" src=\"https:\/\/elegancebymelya.com\/wp-content\/uploads\/2025\/08\/Barca-scaled.png\" class=\"attachment-full size-full wp-image-3558\" alt=\"Immobilier en Catalogne \u2013 vue de Barcelone et Parc G\u00fcell en Espagne\" srcset=\"https:\/\/elegancebymelya.com\/wp-content\/uploads\/2025\/08\/Barca-scaled.png 1808w, https:\/\/elegancebymelya.com\/wp-content\/uploads\/2025\/08\/Barca-212x300.png 212w, https:\/\/elegancebymelya.com\/wp-content\/uploads\/2025\/08\/Barca-723x1024.png 723w, https:\/\/elegancebymelya.com\/wp-content\/uploads\/2025\/08\/Barca-768x1088.png 768w, https:\/\/elegancebymelya.com\/wp-content\/uploads\/2025\/08\/Barca-1085x1536.png 1085w, https:\/\/elegancebymelya.com\/wp-content\/uploads\/2025\/08\/Barca-1446x2048.png 1446w, https:\/\/elegancebymelya.com\/wp-content\/uploads\/2025\/08\/Barca-500x708.png 500w, https:\/\/elegancebymelya.com\/wp-content\/uploads\/2025\/08\/Barca-800x1133.png 800w, https:\/\/elegancebymelya.com\/wp-content\/uploads\/2025\/08\/Barca-1280x1813.png 1280w, https:\/\/elegancebymelya.com\/wp-content\/uploads\/2025\/08\/Barca-1920x2719.png 1920w\" sizes=\"(max-width: 1808px) 100vw, 1808px\" \/>\t\t\t\t\t\t\t\t\t\t\t\t\t\t\t<\/div>\n\t\t\t\t<\/div>\n\t\t\t\t<div class=\"elementor-element elementor-element-f8de750 elementor-widget__width-initial elementor-widget elementor-widget-text-editor\" data-id=\"f8de750\" data-element_type=\"widget\" data-e-type=\"widget\" data-widget_type=\"text-editor.default\">\n\t\t\t\t<div class=\"elementor-widget-container\">\n\t\t\t\t\t\t\t\t\t<p>Notre expertise couvre ainsi <strong>toute la Catalogne<\/strong>, afin de trouver <strong>le bien qui correspond parfaitement \u00e0 vos attentes<\/strong>, que ce soit pour une r\u00e9sidence principale, secondaire ou un investissement patrimonial.<\/p>\t\t\t\t\t\t\t\t<\/div>\n\t\t\t\t<\/div>\n\t\t\t\t<\/div>\n\t\t<div class=\"elementor-element elementor-element-0c99288 e-con-full e-flex e-con e-child\" data-id=\"0c99288\" data-element_type=\"container\" data-e-type=\"container\">\n\t\t\t\t<div class=\"elementor-element elementor-element-2089fbe elementor-widget__width-initial elementor-widget elementor-widget-text-editor\" data-id=\"2089fbe\" data-element_type=\"widget\" data-e-type=\"widget\" data-widget_type=\"text-editor.default\">\n\t\t\t\t<div class=\"elementor-widget-container\">\n\t\t\t\t\t\t\t\t\t<p>L\u2019immobilier en Espagne et particuli\u00e8rement \u00e0 <strong>Barcelone<\/strong> offre des\u00a0quartiers prestigieux (Pedralbes, Sarri\u00e0-Sant Gervasi, Eixample, Gr\u00e0cia\u2026), nous accompagnons \u00e9galement nos clients dans <strong>l\u2019ensemble de la Catalogne<\/strong>, une r\u00e9gion aux <strong>multiples visages<\/strong> et aux <strong>opportunit\u00e9s immobili\u00e8res uniques<\/strong>.<\/p><p>\ud83d\udc49 Villas en bord de mer \u00e0 <strong>Sitges<\/strong>, <strong>Castelldefels<\/strong> ou <strong>Cambrils<\/strong>.<br \/>\ud83d\udc49 Maisons familiales dans des secteurs r\u00e9sidentiels recherch\u00e9s comme <strong>Sant Cugat del Vall\u00e8s<\/strong>.<br \/>\ud83d\udc49 Appartements de standing au c\u0153ur de <strong>Tarragone<\/strong> ou dans des zones authentiques et vivantes.<\/p>\t\t\t\t\t\t\t\t<\/div>\n\t\t\t\t<\/div>\n\t\t\t\t<div class=\"elementor-element elementor-element-c640ac7 elementor-align-center e-transform elementor-widget elementor-widget-button\" data-id=\"c640ac7\" data-element_type=\"widget\" data-e-type=\"widget\" id=\"btn-calendly-1\" data-settings=\"{&quot;_animation&quot;:&quot;none&quot;,&quot;_transform_scale_effect_hover&quot;:{&quot;unit&quot;:&quot;px&quot;,&quot;size&quot;:1.03,&quot;sizes&quot;:[]},&quot;_transform_scale_effect_hover_tablet&quot;:{&quot;unit&quot;:&quot;px&quot;,&quot;size&quot;:&quot;&quot;,&quot;sizes&quot;:[]},&quot;_transform_scale_effect_hover_mobile&quot;:{&quot;unit&quot;:&quot;px&quot;,&quot;size&quot;:&quot;&quot;,&quot;sizes&quot;:[]}}\" data-widget_type=\"button.default\">\n\t\t\t\t<div class=\"elementor-widget-container\">\n\t\t\t\t\t\t\t\t\t<div class=\"elementor-button-wrapper\">\n\t\t\t\t\t<a class=\"elementor-button elementor-button-link elementor-size-sm\" href=\"#\">\n\t\t\t\t\t\t<span class=\"elementor-button-content-wrapper\">\n\t\t\t\t\t\t\t\t\t<span class=\"elementor-button-text\">planifier un premier \u00e9change<\/span>\n\t\t\t\t\t<\/span>\n\t\t\t\t\t<\/a>\n\t\t\t\t<\/div>\n\t\t\t\t\t\t\t\t<\/div>\n\t\t\t\t<\/div>\n\t\t\t\t<div class=\"elementor-element elementor-element-100dc1e elementor-widget elementor-widget-html\" data-id=\"100dc1e\" data-element_type=\"widget\" data-e-type=\"widget\" data-widget_type=\"html.default\">\n\t\t\t\t<div class=\"elementor-widget-container\">\n\t\t\t\t\t<!-- Calendly d\u00e9clench\u00e9 par 2 boutons Elementor -->\r\n<link href=\"https:\/\/assets.calendly.com\/assets\/external\/widget.css\" rel=\"stylesheet\">\r\n<script src=\"https:\/\/assets.calendly.com\/assets\/external\/widget.js\" type=\"text\/javascript\"><\/script>\r\n<script>\r\n  document.addEventListener('DOMContentLoaded', function () {\r\n    function attachCalendly(buttonId, url) {\r\n      var btn = document.getElementById(buttonId);\r\n      if (btn) {\r\n        btn.addEventListener('click', function (e) {\r\n          e.preventDefault();\r\n          Calendly.initPopupWidget({ url: url });\r\n        });\r\n      }\r\n    }\r\n\r\n    \/\/ Bouton 1\r\n    attachCalendly('btn-calendly-1', 'https:\/\/calendly.com\/elegancebymelya-info\/30min');\r\n\r\n    \/\/ Bouton 2 (m\u00eame \u00e9v\u00e9nement ou un autre si tu veux)\r\n    attachCalendly('btn-calendly-2', 'https:\/\/calendly.com\/elegancebymelya-info\/30min');\r\n    \r\n        \/\/ Bouton 3 (m\u00eame \u00e9v\u00e9nement ou un autre si tu veux)\r\n    attachCalendly('btn-calendly-3', 'https:\/\/calendly.com\/elegancebymelya-info\/30min');\r\n  });\r\n<\/script>\r\n\t\t\t\t<\/div>\n\t\t\t\t<\/div>\n\t\t\t\t<\/div>\n\t\t\t\t<\/div>\n\t\t\t\t\t<\/div>\n\t\t\t\t<\/div>\n\t\t<div class=\"elementor-element elementor-element-259127d e-flex e-con-boxed e-con e-parent\" data-id=\"259127d\" data-element_type=\"container\" data-e-type=\"container\">\n\t\t\t\t\t<div class=\"e-con-inner\">\n\t\t\t\t<div class=\"elementor-element elementor-element-48df572 elementor-widget elementor-widget-heading\" data-id=\"48df572\" data-element_type=\"widget\" data-e-type=\"widget\" data-widget_type=\"heading.default\">\n\t\t\t\t<div class=\"elementor-widget-container\">\n\t\t\t\t\t<h2 class=\"elementor-heading-title elementor-size-default\">Madrid\n<\/h2>\t\t\t\t<\/div>\n\t\t\t\t<\/div>\n\t\t<div class=\"elementor-element elementor-element-ddb78c5 e-con-full e-flex e-con e-child\" data-id=\"ddb78c5\" data-element_type=\"container\" data-e-type=\"container\">\n\t\t<div class=\"elementor-element elementor-element-f5ceffd e-con-full e-flex e-con e-child\" data-id=\"f5ceffd\" data-element_type=\"container\" data-e-type=\"container\">\n\t\t\t\t<div class=\"elementor-element elementor-element-3f94542 elementor-widget elementor-widget-image\" data-id=\"3f94542\" data-element_type=\"widget\" data-e-type=\"widget\" data-widget_type=\"image.default\">\n\t\t\t\t<div class=\"elementor-widget-container\">\n\t\t\t\t\t\t\t\t\t\t\t\t\t\t\t<img decoding=\"async\" width=\"900\" height=\"1200\" src=\"https:\/\/elegancebymelya.com\/wp-content\/uploads\/2025\/08\/d5vpk2xff5e.jpg\" class=\"attachment-full size-full wp-image-3559\" alt=\"Immobilier en Espagne \u2013 meilleures zones r\u00e9sidentielles \u00e0 Madrid\" srcset=\"https:\/\/elegancebymelya.com\/wp-content\/uploads\/2025\/08\/d5vpk2xff5e.jpg 900w, https:\/\/elegancebymelya.com\/wp-content\/uploads\/2025\/08\/d5vpk2xff5e-225x300.jpg 225w, https:\/\/elegancebymelya.com\/wp-content\/uploads\/2025\/08\/d5vpk2xff5e-768x1024.jpg 768w, https:\/\/elegancebymelya.com\/wp-content\/uploads\/2025\/08\/d5vpk2xff5e-500x667.jpg 500w, https:\/\/elegancebymelya.com\/wp-content\/uploads\/2025\/08\/d5vpk2xff5e-800x1067.jpg 800w\" sizes=\"(max-width: 900px) 100vw, 900px\" \/>\t\t\t\t\t\t\t\t\t\t\t\t\t\t\t<\/div>\n\t\t\t\t<\/div>\n\t\t\t\t<div class=\"elementor-element elementor-element-08086de elementor-widget__width-initial elementor-widget elementor-widget-text-editor\" data-id=\"08086de\" data-element_type=\"widget\" data-e-type=\"widget\" data-widget_type=\"text-editor.default\">\n\t\t\t\t<div class=\"elementor-widget-container\">\n\t\t\t\t\t\t\t\t\t<p>Acheter un bien immobilier en Espagne \u00e0 Madrid ou dans ses environs offrent une <strong>qualit\u00e9 de vie incomparable<\/strong>, parfaites pour des familles francophones recherchant <strong>espace<\/strong>, <strong>confort<\/strong> et <strong>s\u00e9curit\u00e9<\/strong> \u00e0 quelques minutes\u00a0de\u00a0la\u00a0capitale.<\/p>\t\t\t\t\t\t\t\t<\/div>\n\t\t\t\t<\/div>\n\t\t\t\t<\/div>\n\t\t<div class=\"elementor-element elementor-element-e5bc205 e-con-full e-flex e-con e-child\" data-id=\"e5bc205\" data-element_type=\"container\" data-e-type=\"container\">\n\t\t\t\t<div class=\"elementor-element elementor-element-79f39da elementor-widget__width-initial elementor-widget elementor-widget-text-editor\" data-id=\"79f39da\" data-element_type=\"widget\" data-e-type=\"widget\" data-widget_type=\"text-editor.default\">\n\t\t\t\t<div class=\"elementor-widget-container\">\n\t\t\t\t\t\t\t\t\t<p>Si la <strong>capitale<\/strong> attire pour son <strong>dynamisme<\/strong>, c\u2019est surtout dans ses <strong>secteurs r\u00e9sidentiels<\/strong> <strong>environnants<\/strong> que se trouvent les <strong>villas les plus exclusives<\/strong>, id\u00e9ales pour une vie familiale ou un <strong>investissement patrimonial haut de gamme<\/strong>.<\/p><p>\ud83d\udc49 <strong>Pozuelo de Alarc\u00f3n<\/strong> \u2013 Tr\u00e8s pris\u00e9e, proche de Madrid, offrant un cadre s\u00e9curis\u00e9 et verdoyant.<br \/>\ud83d\udc49 <strong>La Moraleja<\/strong> \u2013 Quartier ultra luxe, golf, tranquillit\u00e9, un des secteurs les plus exclusifs d\u2019Espagne.<br \/>\ud83d\udc49 <strong>Boadilla del Monte<\/strong> \u2013 Un secteur r\u00e9sidentiel recherch\u00e9, offrant un excellent rapport qualit\u00e9\/prix.<\/p>\t\t\t\t\t\t\t\t<\/div>\n\t\t\t\t<\/div>\n\t\t\t\t<\/div>\n\t\t\t\t<\/div>\n\t\t\t\t\t<\/div>\n\t\t\t\t<\/div>\n\t\t<div class=\"elementor-element elementor-element-711e3e2 e-flex e-con-boxed e-con e-parent\" data-id=\"711e3e2\" data-element_type=\"container\" data-e-type=\"container\">\n\t\t\t\t\t<div class=\"e-con-inner\">\n\t\t\t\t<div class=\"elementor-element elementor-element-e4632c4 elementor-widget elementor-widget-heading\" data-id=\"e4632c4\" data-element_type=\"widget\" data-e-type=\"widget\" data-widget_type=\"heading.default\">\n\t\t\t\t<div class=\"elementor-widget-container\">\n\t\t\t\t\t<h2 class=\"elementor-heading-title elementor-size-default\">Valencia\n<\/h2>\t\t\t\t<\/div>\n\t\t\t\t<\/div>\n\t\t<div class=\"elementor-element elementor-element-4d93e17 e-con-full e-flex e-con e-child\" data-id=\"4d93e17\" data-element_type=\"container\" data-e-type=\"container\">\n\t\t<div class=\"elementor-element elementor-element-1e97876 e-con-full e-flex e-con e-child\" data-id=\"1e97876\" data-element_type=\"container\" data-e-type=\"container\">\n\t\t\t\t<div class=\"elementor-element elementor-element-f174f74 elementor-widget elementor-widget-image\" data-id=\"f174f74\" data-element_type=\"widget\" data-e-type=\"widget\" data-widget_type=\"image.default\">\n\t\t\t\t<div class=\"elementor-widget-container\">\n\t\t\t\t\t\t\t\t\t\t\t\t\t\t\t<img decoding=\"async\" width=\"1808\" height=\"2560\" src=\"https:\/\/elegancebymelya.com\/wp-content\/uploads\/2025\/08\/Valencia-scaled.png\" class=\"attachment-full size-full wp-image-3560\" alt=\"Immobilier en Espagne \u00e0 Valencia \u2013 Meilleures zones pour francophones\" srcset=\"https:\/\/elegancebymelya.com\/wp-content\/uploads\/2025\/08\/Valencia-scaled.png 1808w, https:\/\/elegancebymelya.com\/wp-content\/uploads\/2025\/08\/Valencia-212x300.png 212w, https:\/\/elegancebymelya.com\/wp-content\/uploads\/2025\/08\/Valencia-723x1024.png 723w, https:\/\/elegancebymelya.com\/wp-content\/uploads\/2025\/08\/Valencia-768x1088.png 768w, https:\/\/elegancebymelya.com\/wp-content\/uploads\/2025\/08\/Valencia-1085x1536.png 1085w, https:\/\/elegancebymelya.com\/wp-content\/uploads\/2025\/08\/Valencia-1446x2048.png 1446w, https:\/\/elegancebymelya.com\/wp-content\/uploads\/2025\/08\/Valencia-500x708.png 500w, https:\/\/elegancebymelya.com\/wp-content\/uploads\/2025\/08\/Valencia-800x1133.png 800w, https:\/\/elegancebymelya.com\/wp-content\/uploads\/2025\/08\/Valencia-1280x1813.png 1280w, https:\/\/elegancebymelya.com\/wp-content\/uploads\/2025\/08\/Valencia-1920x2719.png 1920w\" sizes=\"(max-width: 1808px) 100vw, 1808px\" \/>\t\t\t\t\t\t\t\t\t\t\t\t\t\t\t<\/div>\n\t\t\t\t<\/div>\n\t\t\t\t<div class=\"elementor-element elementor-element-e2612f8 elementor-widget__width-initial elementor-widget elementor-widget-text-editor\" data-id=\"e2612f8\" data-element_type=\"widget\" data-e-type=\"widget\" data-widget_type=\"text-editor.default\">\n\t\t\t\t<div class=\"elementor-widget-container\">\n\t\t\t\t\t\t\t\t\t<p>Ces zones allient <strong>qualit\u00e9 de vie<\/strong> <strong>m\u00e9diterran\u00e9enne<\/strong>, proximit\u00e9 de la plage et acc\u00e8s direct\u00a0\u00e0\u00a0Valencia.<\/p>\t\t\t\t\t\t\t\t<\/div>\n\t\t\t\t<\/div>\n\t\t\t\t<\/div>\n\t\t<div class=\"elementor-element elementor-element-706c2b3 e-con-full e-flex e-con e-child\" data-id=\"706c2b3\" data-element_type=\"container\" data-e-type=\"container\">\n\t\t\t\t<div class=\"elementor-element elementor-element-e927d15 elementor-widget__width-initial elementor-widget elementor-widget-text-editor\" data-id=\"e927d15\" data-element_type=\"widget\" data-e-type=\"widget\" data-widget_type=\"text-editor.default\">\n\t\t\t\t<div class=\"elementor-widget-container\">\n\t\t\t\t\t\t\t\t\t<p><strong>Capitale m\u00e9diterran\u00e9enne dynamique<\/strong> et <strong>culturelle<\/strong>, Valencia s\u00e9duit par ses <strong>quartiers modernes<\/strong> et son <strong>littoral exceptionnel<\/strong>. Autour de la ville, de nombreux secteurs r\u00e9sidentiels offrent un cadre de vie haut de gamme.<\/p><p>\ud83d\udc49 <strong>B\u00e9tera &amp; La Eliana<\/strong> \u2013 Villas avec jardin et piscine, proches des \u00e9coles internationales.<br \/>\ud83d\udc49 <strong>Godella &amp; Rocafort<\/strong> \u2013 Quartiers r\u00e9sidentiels exclusifs, calme et verdure.<br \/>\ud83d\udc49 <strong>Alboraya &amp; Port Saplaya<\/strong> \u2013 Appartements et maisons face \u00e0 la mer, \u00e0 deux pas de Valencia.<br \/>\ud83d\udc49 <strong>Puzol &amp; Alfinach<\/strong> \u2013 Urbanisations s\u00e9curis\u00e9es avec villas de standing, tr\u00e8s recherch\u00e9es par les familles internationales.<\/p>\t\t\t\t\t\t\t\t<\/div>\n\t\t\t\t<\/div>\n\t\t\t\t<\/div>\n\t\t\t\t<\/div>\n\t\t\t\t\t<\/div>\n\t\t\t\t<\/div>\n\t\t<div class=\"elementor-element elementor-element-bf3d073 e-flex e-con-boxed e-con e-parent\" data-id=\"bf3d073\" data-element_type=\"container\" data-e-type=\"container\">\n\t\t\t\t\t<div class=\"e-con-inner\">\n\t\t\t\t<div class=\"elementor-element elementor-element-e7c78d2 elementor-widget elementor-widget-heading\" data-id=\"e7c78d2\" data-element_type=\"widget\" data-e-type=\"widget\" data-widget_type=\"heading.default\">\n\t\t\t\t<div class=\"elementor-widget-container\">\n\t\t\t\t\t<h2 class=\"elementor-heading-title elementor-size-default\">Costa Blanca \u2013 Luxe et authenticit\u00e9\n<\/h2>\t\t\t\t<\/div>\n\t\t\t\t<\/div>\n\t\t<div class=\"elementor-element elementor-element-8f8d645 e-con-full e-flex e-con e-child\" data-id=\"8f8d645\" data-element_type=\"container\" data-e-type=\"container\">\n\t\t<div class=\"elementor-element elementor-element-42688d1 e-con-full e-flex e-con e-child\" data-id=\"42688d1\" data-element_type=\"container\" data-e-type=\"container\">\n\t\t\t\t<div class=\"elementor-element elementor-element-0bda658 elementor-widget elementor-widget-image\" data-id=\"0bda658\" data-element_type=\"widget\" data-e-type=\"widget\" data-widget_type=\"image.default\">\n\t\t\t\t<div class=\"elementor-widget-container\">\n\t\t\t\t\t\t\t\t\t\t\t\t\t\t\t<img loading=\"lazy\" decoding=\"async\" width=\"1808\" height=\"2560\" src=\"https:\/\/elegancebymelya.com\/wp-content\/uploads\/2025\/08\/Costa-Blanca2-scaled.png\" class=\"attachment-full size-full wp-image-3562\" alt=\"Immobilier en Espagne \u2013 Villas de luxe en Costa Blanca avec vues sur mer\" srcset=\"https:\/\/elegancebymelya.com\/wp-content\/uploads\/2025\/08\/Costa-Blanca2-scaled.png 1808w, https:\/\/elegancebymelya.com\/wp-content\/uploads\/2025\/08\/Costa-Blanca2-212x300.png 212w, https:\/\/elegancebymelya.com\/wp-content\/uploads\/2025\/08\/Costa-Blanca2-723x1024.png 723w, https:\/\/elegancebymelya.com\/wp-content\/uploads\/2025\/08\/Costa-Blanca2-768x1088.png 768w, https:\/\/elegancebymelya.com\/wp-content\/uploads\/2025\/08\/Costa-Blanca2-1085x1536.png 1085w, https:\/\/elegancebymelya.com\/wp-content\/uploads\/2025\/08\/Costa-Blanca2-1446x2048.png 1446w, https:\/\/elegancebymelya.com\/wp-content\/uploads\/2025\/08\/Costa-Blanca2-500x708.png 500w, https:\/\/elegancebymelya.com\/wp-content\/uploads\/2025\/08\/Costa-Blanca2-800x1133.png 800w, https:\/\/elegancebymelya.com\/wp-content\/uploads\/2025\/08\/Costa-Blanca2-1280x1813.png 1280w, https:\/\/elegancebymelya.com\/wp-content\/uploads\/2025\/08\/Costa-Blanca2-1920x2719.png 1920w\" sizes=\"(max-width: 1808px) 100vw, 1808px\" \/>\t\t\t\t\t\t\t\t\t\t\t\t\t\t\t<\/div>\n\t\t\t\t<\/div>\n\t\t\t\t<div class=\"elementor-element elementor-element-e5d0100 elementor-widget__width-initial elementor-widget elementor-widget-text-editor\" data-id=\"e5d0100\" data-element_type=\"widget\" data-e-type=\"widget\" data-widget_type=\"text-editor.default\">\n\t\t\t\t<div class=\"elementor-widget-container\">\n\t\t\t\t\t\t\t\t\t<p>Un <strong>cadre privil\u00e9gi\u00e9<\/strong> qui s\u00e9duit aussi bien pour y vivre \u00e0 l\u2019ann\u00e9e que\u00a0pour\u00a0investir.<\/p>\t\t\t\t\t\t\t\t<\/div>\n\t\t\t\t<\/div>\n\t\t\t\t<\/div>\n\t\t<div class=\"elementor-element elementor-element-fe608f6 e-con-full e-flex e-con e-child\" data-id=\"fe608f6\" data-element_type=\"container\" data-e-type=\"container\">\n\t\t\t\t<div class=\"elementor-element elementor-element-ef0e6b7 elementor-widget__width-initial elementor-widget elementor-widget-text-editor\" data-id=\"ef0e6b7\" data-element_type=\"widget\" data-e-type=\"widget\" data-widget_type=\"text-editor.default\">\n\t\t\t\t<div class=\"elementor-widget-container\">\n\t\t\t\t\t\t\t\t\t<p>La Costa Blanca La Costa Blanca est une r\u00e9f\u00e9rence de l\u2019immobilier haut de gamme en Espagne avec ses <strong>plages magnifiques<\/strong>, son <strong>climat doux<\/strong> et ses <strong>r\u00e9sidences de prestige<\/strong>, id\u00e9ales pour une r\u00e9sidence secondaire ou un investissement.<\/p><p>\ud83d\udc49<strong> Altea &amp; Calpe<\/strong> \u2013 Villas avec vue panoramique sur la mer.<br \/>\ud83d\udc49 <strong>J\u00e1vea &amp; Moraira<\/strong> \u2013 Destination exclusive, entre plages, criques et luxe discret.<br \/>\ud83d\udc49 <strong>Denia<\/strong> \u2013 Ville vivante, marina, gastronomie et villas haut de gamme.<br \/>\ud83d\udc49 <strong>Alicante<\/strong> (Playa San Juan) \u2013 Quartiers r\u00e9sidentiels modernes et connect\u00e9s.<\/p>\t\t\t\t\t\t\t\t<\/div>\n\t\t\t\t<\/div>\n\t\t\t\t<div class=\"elementor-element elementor-element-4f547ea elementor-align-center e-transform elementor-widget elementor-widget-button\" data-id=\"4f547ea\" data-element_type=\"widget\" data-e-type=\"widget\" id=\"btn-calendly-2\" data-settings=\"{&quot;_animation&quot;:&quot;none&quot;,&quot;_transform_scale_effect_hover&quot;:{&quot;unit&quot;:&quot;px&quot;,&quot;size&quot;:1.03,&quot;sizes&quot;:[]},&quot;_transform_scale_effect_hover_tablet&quot;:{&quot;unit&quot;:&quot;px&quot;,&quot;size&quot;:&quot;&quot;,&quot;sizes&quot;:[]},&quot;_transform_scale_effect_hover_mobile&quot;:{&quot;unit&quot;:&quot;px&quot;,&quot;size&quot;:&quot;&quot;,&quot;sizes&quot;:[]}}\" data-widget_type=\"button.default\">\n\t\t\t\t<div class=\"elementor-widget-container\">\n\t\t\t\t\t\t\t\t\t<div class=\"elementor-button-wrapper\">\n\t\t\t\t\t<a class=\"elementor-button elementor-button-link elementor-size-sm\" href=\"#\">\n\t\t\t\t\t\t<span class=\"elementor-button-content-wrapper\">\n\t\t\t\t\t\t\t\t\t<span class=\"elementor-button-text\">Prendre rendez-vous<\/span>\n\t\t\t\t\t<\/span>\n\t\t\t\t\t<\/a>\n\t\t\t\t<\/div>\n\t\t\t\t\t\t\t\t<\/div>\n\t\t\t\t<\/div>\n\t\t\t\t<\/div>\n\t\t\t\t<\/div>\n\t\t\t\t\t<\/div>\n\t\t\t\t<\/div>\n\t\t<div class=\"elementor-element elementor-element-c43db63 e-flex e-con-boxed e-con e-parent\" data-id=\"c43db63\" data-element_type=\"container\" data-e-type=\"container\">\n\t\t\t\t\t<div class=\"e-con-inner\">\n\t\t\t\t<div class=\"elementor-element elementor-element-f9e5b99 elementor-widget elementor-widget-heading\" data-id=\"f9e5b99\" data-element_type=\"widget\" data-e-type=\"widget\" data-widget_type=\"heading.default\">\n\t\t\t\t<div class=\"elementor-widget-container\">\n\t\t\t\t\t<h2 class=\"elementor-heading-title elementor-size-default\">\u00celes Bal\u00e9ares \u2013 L\u2019art de vivre m\u00e9diterran\u00e9en\n<\/h2>\t\t\t\t<\/div>\n\t\t\t\t<\/div>\n\t\t<div class=\"elementor-element elementor-element-79a3b7e e-con-full e-flex e-con e-child\" data-id=\"79a3b7e\" data-element_type=\"container\" data-e-type=\"container\">\n\t\t<div class=\"elementor-element elementor-element-640f970 e-con-full e-flex e-con e-child\" data-id=\"640f970\" data-element_type=\"container\" data-e-type=\"container\">\n\t\t\t\t<div class=\"elementor-element elementor-element-c970dda elementor-widget elementor-widget-image\" data-id=\"c970dda\" data-element_type=\"widget\" data-e-type=\"widget\" data-widget_type=\"image.default\">\n\t\t\t\t<div class=\"elementor-widget-container\">\n\t\t\t\t\t\t\t\t\t\t\t\t\t\t\t<img loading=\"lazy\" decoding=\"async\" width=\"1808\" height=\"2560\" src=\"https:\/\/elegancebymelya.com\/wp-content\/uploads\/2025\/08\/Mallorca-scaled.png\" class=\"attachment-full size-full wp-image-3564\" alt=\"Immobilier en Espagne \u2013 Villas et appartements de luxe aux Bal\u00e9ares avec vue sur mer\" srcset=\"https:\/\/elegancebymelya.com\/wp-content\/uploads\/2025\/08\/Mallorca-scaled.png 1808w, https:\/\/elegancebymelya.com\/wp-content\/uploads\/2025\/08\/Mallorca-212x300.png 212w, https:\/\/elegancebymelya.com\/wp-content\/uploads\/2025\/08\/Mallorca-723x1024.png 723w, https:\/\/elegancebymelya.com\/wp-content\/uploads\/2025\/08\/Mallorca-768x1088.png 768w, https:\/\/elegancebymelya.com\/wp-content\/uploads\/2025\/08\/Mallorca-1085x1536.png 1085w, https:\/\/elegancebymelya.com\/wp-content\/uploads\/2025\/08\/Mallorca-1446x2048.png 1446w, https:\/\/elegancebymelya.com\/wp-content\/uploads\/2025\/08\/Mallorca-500x708.png 500w, https:\/\/elegancebymelya.com\/wp-content\/uploads\/2025\/08\/Mallorca-800x1133.png 800w, https:\/\/elegancebymelya.com\/wp-content\/uploads\/2025\/08\/Mallorca-1280x1813.png 1280w\" sizes=\"(max-width: 1808px) 100vw, 1808px\" \/>\t\t\t\t\t\t\t\t\t\t\t\t\t\t\t<\/div>\n\t\t\t\t<\/div>\n\t\t\t\t<\/div>\n\t\t<div class=\"elementor-element elementor-element-7eb6d42 e-con-full e-flex e-con e-child\" data-id=\"7eb6d42\" data-element_type=\"container\" data-e-type=\"container\">\n\t\t\t\t<div class=\"elementor-element elementor-element-9bb9ead elementor-widget__width-initial elementor-widget elementor-widget-text-editor\" data-id=\"9bb9ead\" data-element_type=\"widget\" data-e-type=\"widget\" data-widget_type=\"text-editor.default\">\n\t\t\t\t<div class=\"elementor-widget-container\">\n\t\t\t\t\t\t\t\t\t<p>Les \u00eeles Bal\u00e9ares offrent un <strong>cadre idyllique<\/strong>, entre <strong>beaut\u00e9 naturelle<\/strong>, <strong>luxe discret<\/strong> et <strong>atmosph\u00e8re cosmopolite<\/strong>. Une r\u00e9gion qui combine qualit\u00e9 de vie, climat privil\u00e9gi\u00e9 et prestige international.<\/p><p>\ud83d\udc49 <strong>Palma &amp; Illetes<\/strong> (Majorque) \u2013 Appartements et villas haut de gamme, port de plaisance, restaurants \u00e9toil\u00e9s et vie culturelle anim\u00e9e.<br \/>\ud83d\udc49 <strong>Santa Ponsa &amp; Bendinat<\/strong> (Majorque) \u2013 Villas modernes avec vues sur mer, terrains de golf et quartiers r\u00e9sidentiels exclusifs.<br \/>\ud83d\udc49 <strong>Port d\u2019Andratx &amp; Camp de Mar<\/strong> (Majorque) \u2013 Luxe discret, criques pr\u00e9serv\u00e9es, villas avec panoramas spectaculaires.<br \/>\ud83d\udc49 <strong>Ibiza &amp; Santa Eulalia<\/strong> \u2013 Villas et maisons de charme, plages renomm\u00e9es, vie nocturne sophistiqu\u00e9e et atmosph\u00e8re cosmopolite.<br \/>\ud83d\udc49 <strong>Formentera<\/strong> \u2013 S\u00e9r\u00e9nit\u00e9, plages paradisiaques et propri\u00e9t\u00e9s d\u2019exception pour un style de vie calme\u00a0et\u00a0\u00e9l\u00e9gant.<\/p>\t\t\t\t\t\t\t\t<\/div>\n\t\t\t\t<\/div>\n\t\t\t\t<\/div>\n\t\t\t\t<\/div>\n\t\t\t\t\t<\/div>\n\t\t\t\t<\/div>\n\t\t<div class=\"elementor-element elementor-element-986bc12 e-flex e-con-boxed e-con e-parent\" data-id=\"986bc12\" data-element_type=\"container\" data-e-type=\"container\">\n\t\t\t\t\t<div class=\"e-con-inner\">\n\t\t\t\t<div class=\"elementor-element elementor-element-93eaf07 elementor-widget elementor-widget-heading\" data-id=\"93eaf07\" data-element_type=\"widget\" data-e-type=\"widget\" data-widget_type=\"heading.default\">\n\t\t\t\t<div class=\"elementor-widget-container\">\n\t\t\t\t\t<h2 class=\"elementor-heading-title elementor-size-default\">Alicante \u2013 L\u2019art de vivre en M\u00e9diterran\u00e9e\n<\/h2>\t\t\t\t<\/div>\n\t\t\t\t<\/div>\n\t\t<div class=\"elementor-element elementor-element-f1513c7 e-con-full e-flex e-con e-child\" data-id=\"f1513c7\" data-element_type=\"container\" data-e-type=\"container\">\n\t\t<div class=\"elementor-element elementor-element-6d06b76 e-con-full e-flex e-con e-child\" data-id=\"6d06b76\" data-element_type=\"container\" data-e-type=\"container\">\n\t\t\t\t<div class=\"elementor-element elementor-element-bd371c4 elementor-widget elementor-widget-image\" data-id=\"bd371c4\" data-element_type=\"widget\" data-e-type=\"widget\" data-widget_type=\"image.default\">\n\t\t\t\t<div class=\"elementor-widget-container\">\n\t\t\t\t\t\t\t\t\t\t\t\t\t\t\t<img loading=\"lazy\" decoding=\"async\" width=\"900\" height=\"1200\" src=\"https:\/\/elegancebymelya.com\/wp-content\/uploads\/2025\/08\/rq_w0ivheya.jpg\" class=\"attachment-full size-full wp-image-3569\" alt=\"Immobilier en Espagne \u00e0 Alicante \u2013 Villas et appartements haut de gamme sur la Costa Blanca\" srcset=\"https:\/\/elegancebymelya.com\/wp-content\/uploads\/2025\/08\/rq_w0ivheya.jpg 900w, https:\/\/elegancebymelya.com\/wp-content\/uploads\/2025\/08\/rq_w0ivheya-225x300.jpg 225w, https:\/\/elegancebymelya.com\/wp-content\/uploads\/2025\/08\/rq_w0ivheya-768x1024.jpg 768w, https:\/\/elegancebymelya.com\/wp-content\/uploads\/2025\/08\/rq_w0ivheya-500x667.jpg 500w, https:\/\/elegancebymelya.com\/wp-content\/uploads\/2025\/08\/rq_w0ivheya-800x1067.jpg 800w\" sizes=\"(max-width: 900px) 100vw, 900px\" \/>\t\t\t\t\t\t\t\t\t\t\t\t\t\t\t<\/div>\n\t\t\t\t<\/div>\n\t\t\t\t<div class=\"elementor-element elementor-element-4f63e57 elementor-widget__width-initial elementor-widget elementor-widget-text-editor\" data-id=\"4f63e57\" data-element_type=\"widget\" data-e-type=\"widget\" data-widget_type=\"text-editor.default\">\n\t\t\t\t<div class=\"elementor-widget-container\">\n\t\t\t\t\t\t\t\t\t<p>Autour d\u2019Alicante : El Campello, San Juan de Alicante et Mutxamel offrent villas spacieuses, cadre verdoyant et atmosph\u00e8re\u00a0paisible.<\/p>\t\t\t\t\t\t\t\t<\/div>\n\t\t\t\t<\/div>\n\t\t\t\t<\/div>\n\t\t<div class=\"elementor-element elementor-element-079437a e-con-full e-flex e-con e-child\" data-id=\"079437a\" data-element_type=\"container\" data-e-type=\"container\">\n\t\t\t\t<div class=\"elementor-element elementor-element-ad2b849 elementor-widget__width-initial elementor-widget elementor-widget-text-editor\" data-id=\"ad2b849\" data-element_type=\"widget\" data-e-type=\"widget\" data-widget_type=\"text-editor.default\">\n\t\t\t\t<div class=\"elementor-widget-container\">\n\t\t\t\t\t\t\t\t\t<p>\u00c0 Alicante, <strong>charme<\/strong>, <strong>mer<\/strong> et <strong>tranquillit\u00e9<\/strong> se conjuguent pour incarner un art de vivre m\u00e9diterran\u00e9en d\u2019exception.<\/p><p>\ud83d\udc49 <strong>Vistahermosa<\/strong> \u2013 Quartier chic et verdoyant, villas modernes avec piscine, proche du centre.<br \/>\ud83d\udc49 <strong>Cabo de las Huertas<\/strong> \u2013 Villas en bord de mer avec vues spectaculaires et acc\u00e8s direct aux criques.<br \/>\ud83d\udc49 <strong>Playa San Juan<\/strong> \u2013 R\u00e9sidences haut de gamme, ambiance familiale, plages et commerces \u00e0 proximit\u00e9.<br \/>\ud83d\udc49 <strong>Albufereta<\/strong> \u2013 Tranquillit\u00e9 en bord de mer avec excellente connexion au centre.<\/p>\t\t\t\t\t\t\t\t<\/div>\n\t\t\t\t<\/div>\n\t\t\t\t<\/div>\n\t\t\t\t<\/div>\n\t\t\t\t\t<\/div>\n\t\t\t\t<\/div>\n\t\t<div class=\"elementor-element elementor-element-117980b e-flex e-con-boxed e-con e-parent\" data-id=\"117980b\" data-element_type=\"container\" data-e-type=\"container\">\n\t\t\t\t\t<div class=\"e-con-inner\">\n\t\t\t\t<div class=\"elementor-element elementor-element-4ead063 elementor-widget elementor-widget-heading\" data-id=\"4ead063\" data-element_type=\"widget\" data-e-type=\"widget\" data-widget_type=\"heading.default\">\n\t\t\t\t<div class=\"elementor-widget-container\">\n\t\t\t\t\t<h2 class=\"elementor-heading-title elementor-size-default\">Marbella \u2013 L\u2019art de vivre sur la Costa del Sol\n<\/h2>\t\t\t\t<\/div>\n\t\t\t\t<\/div>\n\t\t<div class=\"elementor-element elementor-element-570b5b7 e-con-full e-flex e-con e-child\" data-id=\"570b5b7\" data-element_type=\"container\" data-e-type=\"container\">\n\t\t<div class=\"elementor-element elementor-element-2a1cd9c e-con-full e-flex e-con e-child\" data-id=\"2a1cd9c\" data-element_type=\"container\" data-e-type=\"container\">\n\t\t\t\t<div class=\"elementor-element elementor-element-28fa72a elementor-widget elementor-widget-image\" data-id=\"28fa72a\" data-element_type=\"widget\" data-e-type=\"widget\" data-widget_type=\"image.default\">\n\t\t\t\t<div class=\"elementor-widget-container\">\n\t\t\t\t\t\t\t\t\t\t\t\t\t\t\t<img loading=\"lazy\" decoding=\"async\" width=\"1808\" height=\"2560\" src=\"https:\/\/elegancebymelya.com\/wp-content\/uploads\/2025\/08\/marbella-scaled.png\" class=\"attachment-full size-full wp-image-3570\" alt=\"Immobilier en Espagne \u00e0 Marbella \u2013 Villas de luxe et appartements haut de gamme en Andalousie\" srcset=\"https:\/\/elegancebymelya.com\/wp-content\/uploads\/2025\/08\/marbella-scaled.png 1808w, https:\/\/elegancebymelya.com\/wp-content\/uploads\/2025\/08\/marbella-212x300.png 212w, https:\/\/elegancebymelya.com\/wp-content\/uploads\/2025\/08\/marbella-723x1024.png 723w, https:\/\/elegancebymelya.com\/wp-content\/uploads\/2025\/08\/marbella-768x1088.png 768w, https:\/\/elegancebymelya.com\/wp-content\/uploads\/2025\/08\/marbella-1085x1536.png 1085w, https:\/\/elegancebymelya.com\/wp-content\/uploads\/2025\/08\/marbella-1446x2048.png 1446w, https:\/\/elegancebymelya.com\/wp-content\/uploads\/2025\/08\/marbella-500x708.png 500w, https:\/\/elegancebymelya.com\/wp-content\/uploads\/2025\/08\/marbella-800x1133.png 800w, https:\/\/elegancebymelya.com\/wp-content\/uploads\/2025\/08\/marbella-1280x1813.png 1280w, https:\/\/elegancebymelya.com\/wp-content\/uploads\/2025\/08\/marbella-1920x2719.png 1920w\" sizes=\"(max-width: 1808px) 100vw, 1808px\" \/>\t\t\t\t\t\t\t\t\t\t\t\t\t\t\t<\/div>\n\t\t\t\t<\/div>\n\t\t\t\t<div class=\"elementor-element elementor-element-0498111 elementor-widget__width-initial elementor-widget elementor-widget-text-editor\" data-id=\"0498111\" data-element_type=\"widget\" data-e-type=\"widget\" data-widget_type=\"text-editor.default\">\n\t\t\t\t<div class=\"elementor-widget-container\">\n\t\t\t\t\t\t\t\t\t<p>Autour de Marbella : Benahav\u00eds, Estepona Est et Oj\u00e9n offrent nature, tranquillit\u00e9 et villas de prestige dans des cadres s\u00e9curis\u00e9s et \u00e9l\u00e9gants.<\/p>\t\t\t\t\t\t\t\t<\/div>\n\t\t\t\t<\/div>\n\t\t\t\t<\/div>\n\t\t<div class=\"elementor-element elementor-element-7dfc9ef e-con-full e-flex e-con e-child\" data-id=\"7dfc9ef\" data-element_type=\"container\" data-e-type=\"container\">\n\t\t\t\t<div class=\"elementor-element elementor-element-0079374 elementor-widget__width-initial elementor-widget elementor-widget-text-editor\" data-id=\"0079374\" data-element_type=\"widget\" data-e-type=\"widget\" data-widget_type=\"text-editor.default\">\n\t\t\t\t<div class=\"elementor-widget-container\">\n\t\t\t\t\t\t\t\t\t<p>\u00c0 Marbella, <strong>luxe<\/strong>, <strong>\u00e9l\u00e9gance<\/strong> et <strong>cadre m\u00e9diterran\u00e9en<\/strong> se conjuguent pour offrir un style de vie raffin\u00e9 entre mer, golf et montagne.<\/p><p>\ud83d\udc49 <strong>Sierra Blanca<\/strong> \u2013 Villas de prestige sur les hauteurs avec vues panoramiques sur la mer.<br \/>\ud83d\udc49 <strong>Golden Mile<\/strong> \u2013 R\u00e9sidences embl\u00e9matiques \u00e0 deux pas de la plage et des services haut de gamme.<br \/>\ud83d\udc49 <strong>Nueva Andaluc\u00eda<\/strong> \u2013 Quartier pris\u00e9 pour les familles et investisseurs, \u00e0 proximit\u00e9 des golfs.<br \/>\ud83d\udc49 <strong>Puerto Ban\u00fas<\/strong> \u2013 Port de luxe, appartements et villas, id\u00e9al pour l\u2019investissement locatif.<br \/>\ud83d\udc49 <strong>Los Monteros<\/strong> \u2013 Villas contemporaines en bord de mer dans un cadre calme et exclusif.<\/p>\t\t\t\t\t\t\t\t<\/div>\n\t\t\t\t<\/div>\n\t\t\t\t<\/div>\n\t\t\t\t<\/div>\n\t\t\t\t\t<\/div>\n\t\t\t\t<\/div>\n\t\t<div class=\"elementor-element elementor-element-b7bcdb9 e-flex e-con-boxed e-con e-parent\" data-id=\"b7bcdb9\" data-element_type=\"container\" data-e-type=\"container\">\n\t\t\t\t\t<div class=\"e-con-inner\">\n\t\t\t\t<div class=\"elementor-element elementor-element-7badc3c elementor-widget elementor-widget-heading\" data-id=\"7badc3c\" data-element_type=\"widget\" data-e-type=\"widget\" data-widget_type=\"heading.default\">\n\t\t\t\t<div class=\"elementor-widget-container\">\n\t\t\t\t\t<h2 class=\"elementor-heading-title elementor-size-default\">M\u00e1laga \u2013 Le charme andalou\n<\/h2>\t\t\t\t<\/div>\n\t\t\t\t<\/div>\n\t\t<div class=\"elementor-element elementor-element-8acda76 e-con-full e-flex e-con e-child\" data-id=\"8acda76\" data-element_type=\"container\" data-e-type=\"container\">\n\t\t<div class=\"elementor-element elementor-element-bc71654 e-con-full e-flex e-con e-child\" data-id=\"bc71654\" data-element_type=\"container\" data-e-type=\"container\">\n\t\t\t\t<div class=\"elementor-element elementor-element-14997e4 elementor-widget elementor-widget-image\" data-id=\"14997e4\" data-element_type=\"widget\" data-e-type=\"widget\" data-widget_type=\"image.default\">\n\t\t\t\t<div class=\"elementor-widget-container\">\n\t\t\t\t\t\t\t\t\t\t\t\t\t\t\t<img loading=\"lazy\" decoding=\"async\" width=\"900\" height=\"1200\" src=\"https:\/\/elegancebymelya.com\/wp-content\/uploads\/2025\/08\/rvhcnmplgii.jpg\" class=\"attachment-full size-full wp-image-3571\" alt=\"Immobilier en Espagne \u00e0 M\u00e1laga \u2013 Appartements en front de mer et villas de charme andalou\" srcset=\"https:\/\/elegancebymelya.com\/wp-content\/uploads\/2025\/08\/rvhcnmplgii.jpg 900w, https:\/\/elegancebymelya.com\/wp-content\/uploads\/2025\/08\/rvhcnmplgii-225x300.jpg 225w, https:\/\/elegancebymelya.com\/wp-content\/uploads\/2025\/08\/rvhcnmplgii-768x1024.jpg 768w, https:\/\/elegancebymelya.com\/wp-content\/uploads\/2025\/08\/rvhcnmplgii-500x667.jpg 500w, https:\/\/elegancebymelya.com\/wp-content\/uploads\/2025\/08\/rvhcnmplgii-800x1067.jpg 800w\" sizes=\"(max-width: 900px) 100vw, 900px\" \/>\t\t\t\t\t\t\t\t\t\t\t\t\t\t\t<\/div>\n\t\t\t\t<\/div>\n\t\t\t\t<\/div>\n\t\t<div class=\"elementor-element elementor-element-5fb0d1e e-con-full e-flex e-con e-child\" data-id=\"5fb0d1e\" data-element_type=\"container\" data-e-type=\"container\">\n\t\t\t\t<div class=\"elementor-element elementor-element-37e4598 elementor-widget__width-initial elementor-widget elementor-widget-text-editor\" data-id=\"37e4598\" data-element_type=\"widget\" data-e-type=\"widget\" data-widget_type=\"text-editor.default\">\n\t\t\t\t<div class=\"elementor-widget-container\">\n\t\t\t\t\t\t\t\t\t<p>\u00c0 M\u00e1laga, <strong>authenticit\u00e9<\/strong>, <strong>mer<\/strong> et <strong>confort<\/strong> se m\u00ealent pour une qualit\u00e9 de vie exceptionnelle.<\/p><p>\ud83d\udc49 <strong>El Limonar<\/strong> \u2013 Villas avec vue sur la mer dans un quartier calme et \u00e9l\u00e9gant.<br \/>\ud83d\udc49 <strong>La Malagueta<\/strong> \u2013 R\u00e9sidences de standing en front de mer, proches du centre.<br \/>\ud83d\udc49 <strong>Pedregalejo<\/strong> \u2013 Quartier authentique et chic, entre traditions et modernit\u00e9.<\/p><p>Autour de M\u00e1laga : Benalm\u00e1dena, Mijas (Pueblo &amp; Costa) et Rinc\u00f3n de la Victoria offrent villas modernes ou typiques andalouses dans des cadres\u00a0privil\u00e9gi\u00e9s.<\/p>\t\t\t\t\t\t\t\t<\/div>\n\t\t\t\t<\/div>\n\t\t\t\t<\/div>\n\t\t\t\t<\/div>\n\t\t\t\t\t<\/div>\n\t\t\t\t<\/div>\n\t\t<div class=\"elementor-element elementor-element-2e49669 e-flex e-con-boxed e-con e-parent\" data-id=\"2e49669\" data-element_type=\"container\" data-e-type=\"container\" data-settings=\"{&quot;background_background&quot;:&quot;classic&quot;}\">\n\t\t\t\t\t<div class=\"e-con-inner\">\n\t\t\t\t<div class=\"elementor-element elementor-element-85f051e elementor-widget elementor-widget-heading\" data-id=\"85f051e\" data-element_type=\"widget\" data-e-type=\"widget\" data-widget_type=\"heading.default\">\n\t\t\t\t<div class=\"elementor-widget-container\">\n\t\t\t\t\t<h2 class=\"elementor-heading-title elementor-size-default\">Parlons de votre projet immobilier<\/h2>\t\t\t\t<\/div>\n\t\t\t\t<\/div>\n\t\t\t\t<div class=\"elementor-element elementor-element-99fd34b elementor-widget__width-initial elementor-widget elementor-widget-text-editor\" data-id=\"99fd34b\" data-element_type=\"widget\" data-e-type=\"widget\" data-widget_type=\"text-editor.default\">\n\t\t\t\t<div class=\"elementor-widget-container\">\n\t\t\t\t\t\t\t\t\t<p data-pm-slice=\"1 1 []\">Vous avez une id\u00e9e pr\u00e9cise ou vous h\u00e9sitez encore entre plusieurs r\u00e9gions ? Nos experts sont l\u00e0 pour vous conseiller, en toute confidentialit\u00e9.<\/p>\t\t\t\t\t\t\t\t<\/div>\n\t\t\t\t<\/div>\n\t\t\t\t<div class=\"elementor-element elementor-element-5363508 elementor-widget__width-initial elementor-widget elementor-widget-text-editor\" data-id=\"5363508\" data-element_type=\"widget\" data-e-type=\"widget\" data-widget_type=\"text-editor.default\">\n\t\t\t\t<div class=\"elementor-widget-container\">\n\t\t\t\t\t\t\t\t\t<p data-pm-slice=\"1 1 []\"><strong>Contactez-nous d\u00e8s maintenant<\/strong> <em>pour un premier \u00e9change, sans engagement. Ensemble, identifions l\u2019emplacement id<\/em>\u00e9al pour concr\u00e9tiser votre projet immobilier en Espagne.<\/p>\t\t\t\t\t\t\t\t<\/div>\n\t\t\t\t<\/div>\n\t\t\t\t<div class=\"elementor-element elementor-element-6656acf elementor-align-center e-transform elementor-widget elementor-widget-button\" data-id=\"6656acf\" data-element_type=\"widget\" data-e-type=\"widget\" id=\"btn-calendly-3\" data-settings=\"{&quot;_animation&quot;:&quot;none&quot;,&quot;_transform_scale_effect_hover&quot;:{&quot;unit&quot;:&quot;px&quot;,&quot;size&quot;:1.03,&quot;sizes&quot;:[]},&quot;_transform_scale_effect_hover_tablet&quot;:{&quot;unit&quot;:&quot;px&quot;,&quot;size&quot;:&quot;&quot;,&quot;sizes&quot;:[]},&quot;_transform_scale_effect_hover_mobile&quot;:{&quot;unit&quot;:&quot;px&quot;,&quot;size&quot;:&quot;&quot;,&quot;sizes&quot;:[]}}\" data-widget_type=\"button.default\">\n\t\t\t\t<div class=\"elementor-widget-container\">\n\t\t\t\t\t\t\t\t\t<div class=\"elementor-button-wrapper\">\n\t\t\t\t\t<a class=\"elementor-button elementor-button-link elementor-size-sm\" href=\"#\">\n\t\t\t\t\t\t<span class=\"elementor-button-content-wrapper\">\n\t\t\t\t\t\t\t\t\t<span class=\"elementor-button-text\">planifier un premier \u00e9change<\/span>\n\t\t\t\t\t<\/span>\n\t\t\t\t\t<\/a>\n\t\t\t\t<\/div>\n\t\t\t\t\t\t\t\t<\/div>\n\t\t\t\t<\/div>\n\t\t\t\t\t<\/div>\n\t\t\t\t<\/div>\n\t\t<div class=\"elementor-element elementor-element-d933560 e-con-full e-flex e-con e-parent\" data-id=\"d933560\" data-element_type=\"container\" data-e-type=\"container\">\n\t\t\t\t<div class=\"elementor-element elementor-element-8c87510 elementor-widget elementor-widget-image\" data-id=\"8c87510\" data-element_type=\"widget\" data-e-type=\"widget\" data-widget_type=\"image.default\">\n\t\t\t\t<div class=\"elementor-widget-container\">\n\t\t\t\t\t\t\t\t\t\t\t\t\t\t\t<img loading=\"lazy\" decoding=\"async\" width=\"1536\" height=\"1024\" src=\"https:\/\/elegancebymelya.com\/wp-content\/uploads\/2025\/08\/ChatGPT-Image-30-ago-2025-14_24_30.png\" class=\"attachment-full size-full wp-image-3642\" alt=\"\u00c9l\u00e9gance Immobilier by Melya Group \u2013 agence immobili\u00e8re francophone en Espagne\" srcset=\"https:\/\/elegancebymelya.com\/wp-content\/uploads\/2025\/08\/ChatGPT-Image-30-ago-2025-14_24_30.png 1536w, https:\/\/elegancebymelya.com\/wp-content\/uploads\/2025\/08\/ChatGPT-Image-30-ago-2025-14_24_30-300x200.png 300w, https:\/\/elegancebymelya.com\/wp-content\/uploads\/2025\/08\/ChatGPT-Image-30-ago-2025-14_24_30-1024x683.png 1024w, https:\/\/elegancebymelya.com\/wp-content\/uploads\/2025\/08\/ChatGPT-Image-30-ago-2025-14_24_30-768x512.png 768w, https:\/\/elegancebymelya.com\/wp-content\/uploads\/2025\/08\/ChatGPT-Image-30-ago-2025-14_24_30-500x333.png 500w, https:\/\/elegancebymelya.com\/wp-content\/uploads\/2025\/08\/ChatGPT-Image-30-ago-2025-14_24_30-800x533.png 800w, https:\/\/elegancebymelya.com\/wp-content\/uploads\/2025\/08\/ChatGPT-Image-30-ago-2025-14_24_30-1280x853.png 1280w\" sizes=\"(max-width: 1536px) 100vw, 1536px\" \/>\t\t\t\t\t\t\t\t\t\t\t\t\t\t\t<\/div>\n\t\t\t\t<\/div>\n\t\t\t\t<\/div>\n\t\t<div class=\"elementor-element elementor-element-055411d e-flex e-con-boxed e-con e-parent\" data-id=\"055411d\" data-element_type=\"container\" data-e-type=\"container\" data-settings=\"{&quot;background_background&quot;:&quot;classic&quot;}\">\n\t\t\t\t\t<div class=\"e-con-inner\">\n\t\t\t\t<div class=\"elementor-element elementor-element-faee9bd elementor-widget elementor-widget-template\" data-id=\"faee9bd\" data-element_type=\"widget\" data-e-type=\"widget\" data-widget_type=\"template.default\">\n\t\t\t\t<div class=\"elementor-widget-container\">\n\t\t\t\t\t\t\t<div class=\"elementor-template\">\n\t\t\t\t\t<div data-elementor-type=\"section\" data-elementor-id=\"1321\" class=\"elementor elementor-1321\" data-elementor-post-type=\"elementor_library\">\n\t\t\t<div class=\"elementor-element elementor-element-4fc7ff5f e-flex e-con-boxed e-con e-parent\" data-id=\"4fc7ff5f\" data-element_type=\"container\" data-e-type=\"container\" id=\"form-contact\" data-settings=\"{&quot;background_background&quot;:&quot;classic&quot;}\">\n\t\t\t\t\t<div class=\"e-con-inner\">\n\t\t<div class=\"elementor-element elementor-element-5e9b23fd e-flex e-con-boxed e-con e-child\" data-id=\"5e9b23fd\" data-element_type=\"container\" data-e-type=\"container\">\n\t\t\t\t\t<div class=\"e-con-inner\">\n\t\t\t\t<div class=\"elementor-element elementor-element-6f74b681 elementor-widget elementor-widget-icon-box\" data-id=\"6f74b681\" data-element_type=\"widget\" data-e-type=\"widget\" data-widget_type=\"icon-box.default\">\n\t\t\t\t<div class=\"elementor-widget-container\">\n\t\t\t\t\t\t\t<div class=\"elementor-icon-box-wrapper\">\n\n\t\t\t\n\t\t\t\t\t\t<div class=\"elementor-icon-box-content\">\n\n\t\t\t\t\t\t\t\t\t<h2 class=\"elementor-icon-box-title\">\n\t\t\t\t\t\t<span  >\n\t\t\t\t\t\t\tContactez-nous\t\t\t\t\t\t<\/span>\n\t\t\t\t\t<\/h2>\n\t\t\t\t\n\t\t\t\t\n\t\t\t<\/div>\n\t\t\t\n\t\t<\/div>\n\t\t\t\t\t\t<\/div>\n\t\t\t\t<\/div>\n\t\t\t\t<div class=\"elementor-element elementor-element-1ca5dd3d elementor-button-align-center elementor-mobile-button-align-center elementor-widget elementor-widget-form\" data-id=\"1ca5dd3d\" data-element_type=\"widget\" data-e-type=\"widget\" data-settings=\"{&quot;step_next_label&quot;:&quot;Next&quot;,&quot;step_previous_label&quot;:&quot;Previous&quot;,&quot;button_width&quot;:&quot;100&quot;,&quot;step_type&quot;:&quot;number_text&quot;,&quot;step_icon_shape&quot;:&quot;circle&quot;}\" data-widget_type=\"form.default\">\n\t\t\t\t<div class=\"elementor-widget-container\">\n\t\t\t\t\t<template id=\"cfef_logic_data_1ca5dd3d\" class=\"cfef_logic_data_js\" data-form-id=\"1ca5dd3d\">{&quot;field_d11526d&quot;:{&quot;display_mode&quot;:&quot;&quot;,&quot;fire_action&quot;:&quot;All&quot;,&quot;file_types&quot;:&quot;png&quot;,&quot;logic_data&quot;:[{&quot;cfef_logic_field_id&quot;:&quot;&quot;,&quot;cfef_logic_field_is&quot;:&quot;==&quot;,&quot;cfef_logic_compare_value&quot;:&quot;&quot;,&quot;_id&quot;:&quot;5157d10&quot;}]}}<\/template>\t\t<form class=\"elementor-form\" method=\"post\" name=\"Formulaire contact\" aria-label=\"Formulaire contact\">\n\t\t\t<input type=\"hidden\" name=\"post_id\" value=\"1321\"\/>\n\t\t\t<input type=\"hidden\" name=\"form_id\" value=\"1ca5dd3d\"\/>\n\t\t\t<input type=\"hidden\" name=\"referer_title\" value=\"Agence immobili\u00e8re francophone en Espagne | Expertise &amp; \u00c9l\u00e9gance\" \/>\n\n\t\t\t\t\t\t\t<input type=\"hidden\" name=\"queried_id\" value=\"63\"\/>\n\t\t\t\n\t\t\t<div class=\"elementor-form-fields-wrapper elementor-labels-\">\n\t\t\t\t\t\t\t\t<div class=\"elementor-field-type-text elementor-field-group elementor-column elementor-field-group-prenom elementor-col-50 elementor-field-required\">\n\t\t\t\t\t\t\t\t\t\t\t\t<label for=\"form-field-prenom\" class=\"elementor-field-label elementor-screen-only\">\n\t\t\t\t\t\t\t\tPr\u00e9nom*\t\t\t\t\t\t\t<\/label>\n\t\t\t\t\t\t\t\t\t\t\t\t\t\t<input size=\"1\" type=\"text\" name=\"form_fields[prenom]\" id=\"form-field-prenom\" class=\"elementor-field elementor-size-sm  elementor-field-textual\" placeholder=\"Pr\u00e9nom*\" required=\"required\">\n\t\t\t\t\t\t\t\t\t\t\t<\/div>\n\t\t\t\t\t\t\t\t<div class=\"elementor-field-type-text elementor-field-group elementor-column elementor-field-group-nom elementor-col-50 elementor-field-required\">\n\t\t\t\t\t\t\t\t\t\t\t\t<label for=\"form-field-nom\" class=\"elementor-field-label elementor-screen-only\">\n\t\t\t\t\t\t\t\tNom*\t\t\t\t\t\t\t<\/label>\n\t\t\t\t\t\t\t\t\t\t\t\t\t\t<input size=\"1\" type=\"text\" name=\"form_fields[nom]\" id=\"form-field-nom\" class=\"elementor-field elementor-size-sm  elementor-field-textual\" placeholder=\"Nom*\" required=\"required\">\n\t\t\t\t\t\t\t\t\t\t\t<\/div>\n\t\t\t\t\t\t\t\t<div class=\"elementor-field-type-tel elementor-field-group elementor-column elementor-field-group-phone1 elementor-col-50 elementor-field-required\">\n\t\t\t\t\t\t\t\t\t\t\t\t<label for=\"form-field-phone1\" class=\"elementor-field-label elementor-screen-only\">\n\t\t\t\t\t\t\t\tT\u00e9l\u00e9phone*\t\t\t\t\t\t\t<\/label>\n\t\t\t\t\t\t\t\t<input size=\"1\" type=\"tel\" name=\"form_fields[phone1]\" id=\"form-field-phone1\" class=\"elementor-field elementor-size-sm  elementor-field-textual\" placeholder=\"T\u00e9l\u00e9phone*\" required=\"required\" pattern=\"[0-9()#&amp;+*-=.]+\" title=\"Seuls les caract\u00e8res de num\u00e9ros de t\u00e9l\u00e9phone (#, -, *, etc.) sont accept\u00e9s.\">\n\n\t\t\t\t\t\t<\/div>\n\t\t\t\t\t\t\t\t<div class=\"elementor-field-type-email elementor-field-group elementor-column elementor-field-group-email elementor-col-50 elementor-field-required\">\n\t\t\t\t\t\t\t\t\t\t\t\t<label for=\"form-field-email\" class=\"elementor-field-label elementor-screen-only\">\n\t\t\t\t\t\t\t\tE-mail*\t\t\t\t\t\t\t<\/label>\n\t\t\t\t\t\t\t\t\t\t\t\t\t\t<input size=\"1\" type=\"email\" name=\"form_fields[email]\" id=\"form-field-email\" class=\"elementor-field elementor-size-sm  elementor-field-textual\" placeholder=\"E-mail*\" required=\"required\">\n\t\t\t\t\t\t\t\t\t\t\t<\/div>\n\t\t\t\t\t\t\t\t<div class=\"elementor-field-type-select elementor-field-group elementor-column elementor-field-group-field_d11526d elementor-col-100 elementor-field-required\">\n\t\t\t\t\t\t\t\t\t\t\t\t<label for=\"form-field-field_d11526d\" class=\"elementor-field-label elementor-screen-only\">\n\t\t\t\t\t\t\t\tVous souhaitez\t\t\t\t\t\t\t<\/label>\n\t\t\t\t\t\t\t\t<div class=\"elementor-field elementor-select-wrapper remove-before \">\n\t\t\t<div class=\"select-caret-down-wrapper\">\n\t\t\t\t<svg aria-hidden=\"true\" class=\"e-font-icon-svg e-eicon-caret-down\" viewBox=\"0 0 571.4 571.4\" xmlns=\"http:\/\/www.w3.org\/2000\/svg\"><path d=\"M571 393Q571 407 561 418L311 668Q300 679 286 679T261 668L11 418Q0 407 0 393T11 368 36 357H536Q550 357 561 368T571 393Z\"><\/path><\/svg>\t\t\t<\/div>\n\t\t\t<select name=\"form_fields[field_d11526d]\" id=\"form-field-field_d11526d\" class=\"elementor-field-textual elementor-size-sm\" required=\"required\">\n\t\t\t\t\t\t\t\t\t<option value=\"\">Vous souhaitez<\/option>\n\t\t\t\t\t\t\t\t\t<option value=\"\">Acheter<\/option>\n\t\t\t\t\t\t\t\t\t<option value=\"\">Vendre<\/option>\n\t\t\t\t\t\t\t\t\t<option value=\"\"><\/option>\n\t\t\t\t\t\t\t\t\t<option value=\"\"><\/option>\n\t\t\t\t\t\t\t\t\t<option value=\"\"><\/option>\n\t\t\t\t\t\t\t<\/select>\n\t\t<\/div>\n\t\t\t\t\t\t<\/div>\n\t\t\t\t\t\t\t\t<div class=\"elementor-field-type-textarea elementor-field-group elementor-column elementor-field-group-message elementor-col-100\">\n\t\t\t\t\t\t\t\t\t\t\t\t<label for=\"form-field-message\" class=\"elementor-field-label elementor-screen-only\">\n\t\t\t\t\t\t\t\tMessage\t\t\t\t\t\t\t<\/label>\n\t\t\t\t\t\t<textarea class=\"elementor-field-textual elementor-field  elementor-size-sm\" name=\"form_fields[message]\" id=\"form-field-message\" rows=\"4\" placeholder=\"Parlez-nous de votre projet...\"><\/textarea>\t\t\t\t<\/div>\n\t\t\t\t\t\t\t\t<div class=\"elementor-field-type-checkbox elementor-field-group elementor-column elementor-field-group-field_59ac666 elementor-col-100\">\n\t\t\t\t\t\t\t\t\t\t\t\t<label for=\"form-field-field_59ac666\" class=\"elementor-field-label elementor-screen-only\">\n\t\t\t\t\t\t\t\tConsentement\t\t\t\t\t\t\t<\/label>\n\t\t\t\t\t\t<div class=\"elementor-field-subgroup  \"><span class=\"elementor-field-option\"><input type=\"checkbox\" value=\"J\u2019accepte que mes donn\u00e9es soient utilis\u00e9es pour me recontacter dans le cadre de ma demande.*\" id=\"form-field-field_59ac666-0\" name=\"form_fields[field_59ac666]\"> <label for=\"form-field-field_59ac666-0\">J\u2019accepte que mes donn\u00e9es soient utilis\u00e9es pour me recontacter dans le cadre de ma demande.*<\/label><\/span><\/div>\t\t\t\t<\/div>\n\t\t\t\t\t\t\t\t<div class=\"elementor-field-group elementor-column elementor-field-type-submit elementor-col-100 e-form__buttons\">\n\t\t\t\t\t<button class=\"elementor-button elementor-size-md elementor-animation-grow\" type=\"submit\" id=\"image-hover-zoom\">\n\t\t\t\t\t\t<span class=\"elementor-button-content-wrapper\">\n\t\t\t\t\t\t\t\t\t\t\t\t\t\t\t\t\t\t\t\t\t\t<span class=\"elementor-button-text\">Envoyer<\/span>\n\t\t\t\t\t\t\t\t\t\t\t\t\t<\/span>\n\t\t\t\t\t<\/button>\n\t\t\t\t<\/div>\n\t\t\t<\/div>\n\t\t<\/form>\n\t\t\t\t\t\t<\/div>\n\t\t\t\t<\/div>\n\t\t\t\t\t<\/div>\n\t\t\t\t<\/div>\n\t\t\t\t\t<\/div>\n\t\t\t\t<\/div>\n\t\t\t\t<\/div>\n\t\t\t\t<\/div>\n\t\t\t\t\t\t<\/div>\n\t\t\t\t<\/div>\n\t\t\t\t\t<\/div>\n\t\t\t\t<\/div>\n\t\t\t\t<\/div>\n\t\t","protected":false},"excerpt":{"rendered":"<p>Immobilier en Espagne Nos meilleures zones d\u2019achat pour francophones D\u00e9couvrez une s\u00e9lection des r\u00e9gions et villes les plus pris\u00e9es de [&hellip;]<\/p>\n","protected":false},"author":1,"featured_media":0,"parent":0,"menu_order":0,"comment_status":"closed","ping_status":"closed","template":"","meta":{"site-sidebar-layout":"no-sidebar","site-content-layout":"","ast-site-content-layout":"full-width-container","site-content-style":"default","site-sidebar-style":"default","ast-global-header-display":"","ast-banner-title-visibility":"","ast-main-header-display":"","ast-hfb-above-header-display":"","ast-hfb-below-header-display":"","ast-hfb-mobile-header-display":"","site-post-title":"disabled","ast-breadcrumbs-content":"","ast-featured-img":"disabled","footer-sml-layout":"","ast-disable-related-posts":"","theme-transparent-header-meta":"","adv-header-id-meta":"","stick-header-meta":"","header-above-stick-meta":"","header-main-stick-meta":"","header-below-stick-meta":"","astra-migrate-meta-layouts":"default","ast-page-background-enabled":"default","ast-page-background-meta":{"desktop":{"background-color":"var(--ast-global-color-4)","background-image":"","background-repeat":"repeat","background-position":"center center","background-size":"auto","background-attachment":"scroll","background-type":"","background-media":"","overlay-type":"","overlay-color":"","overlay-opacity":"","overlay-gradient":""},"tablet":{"background-color":"","background-image":"","background-repeat":"repeat","background-position":"center center","background-size":"auto","background-attachment":"scroll","background-type":"","background-media":"","overlay-type":"","overlay-color":"","overlay-opacity":"","overlay-gradient":""},"mobile":{"background-color":"","background-image":"","background-repeat":"repeat","background-position":"center center","background-size":"auto","background-attachment":"scroll","background-type":"","background-media":"","overlay-type":"","overlay-color":"","overlay-opacity":"","overlay-gradient":""}},"ast-content-background-meta":{"desktop":{"background-color":"var(--ast-global-color-5)","background-image":"","background-repeat":"repeat","background-position":"center center","background-size":"auto","background-attachment":"scroll","background-type":"","background-media":"","overlay-type":"","overlay-color":"","overlay-opacity":"","overlay-gradient":""},"tablet":{"background-color":"var(--ast-global-color-5)","background-image":"","background-repeat":"repeat","background-position":"center center","background-size":"auto","background-attachment":"scroll","background-type":"","background-media":"","overlay-type":"","overlay-color":"","overlay-opacity":"","overlay-gradient":""},"mobile":{"background-color":"var(--ast-global-color-5)","background-image":"","background-repeat":"repeat","background-position":"center center","background-size":"auto","background-attachment":"scroll","background-type":"","background-media":"","overlay-type":"","overlay-color":"","overlay-opacity":"","overlay-gradient":""}},"footnotes":""},"class_list":["post-185","page","type-page","status-publish","hentry"],"_links":{"self":[{"href":"https:\/\/elegancebymelya.com\/es\/wp-json\/wp\/v2\/pages\/185","targetHints":{"allow":["GET"]}}],"collection":[{"href":"https:\/\/elegancebymelya.com\/es\/wp-json\/wp\/v2\/pages"}],"about":[{"href":"https:\/\/elegancebymelya.com\/es\/wp-json\/wp\/v2\/types\/page"}],"author":[{"embeddable":true,"href":"https:\/\/elegancebymelya.com\/es\/wp-json\/wp\/v2\/users\/1"}],"replies":[{"embeddable":true,"href":"https:\/\/elegancebymelya.com\/es\/wp-json\/wp\/v2\/comments?post=185"}],"version-history":[{"count":193,"href":"https:\/\/elegancebymelya.com\/es\/wp-json\/wp\/v2\/pages\/185\/revisions"}],"predecessor-version":[{"id":5276,"href":"https:\/\/elegancebymelya.com\/es\/wp-json\/wp\/v2\/pages\/185\/revisions\/5276"}],"wp:attachment":[{"href":"https:\/\/elegancebymelya.com\/es\/wp-json\/wp\/v2\/media?parent=185"}],"curies":[{"name":"wp","href":"https:\/\/api.w.org\/{rel}","templated":true}]}}